{"id":625,"date":"2020-03-24T23:08:04","date_gmt":"2020-03-24T23:08:04","guid":{"rendered":"https:\/\/www.alfonsea.com\/juan-sagales\/"},"modified":"2020-06-02T07:37:50","modified_gmt":"2020-06-02T07:37:50","slug":"juan-sagales","status":"publish","type":"page","link":"https:\/\/www.alfonsea.com\/es\/juan-sagales\/","title":{"rendered":"Juan Sagal\u00e9s"},"content":{"rendered":"<p>[et_pb_section fb_built=\u00bb1&#8243; _builder_version=\u00bb4.4.7&#8243; background_image=\u00bbhttps:\/\/www.alfonsea.com\/wp-content\/uploads\/2020\/05\/office-1516329_1920-1.jpg\u00bb custom_margin_tablet=\u00bb-45px||||false|false\u00bb custom_margin_phone=\u00bb-45px||||false|false\u00bb custom_margin_last_edited=\u00bbon|phone\u00bb custom_padding=\u00bb3.5vw||3.5vw||true|false\u00bb][\/et_pb_section][et_pb_section fb_built=\u00bb1&#8243; admin_label=\u00bbFeatures\u00bb _builder_version=\u00bb4.4.7&#8243; custom_margin=\u00bb70px||||false|false\u00bb custom_margin_tablet=\u00bb0px||||false|false\u00bb custom_margin_phone=\u00bb0px||||false|false\u00bb custom_margin_last_edited=\u00bbon|phone\u00bb custom_padding=\u00bb0|0px|0px|0px|false|false\u00bb][et_pb_row column_structure=\u00bb1_2,1_2&#8243; use_custom_gutter=\u00bbon\u00bb custom_padding_last_edited=\u00bbon|tablet\u00bb padding_top_bottom_link_2=\u00bbtrue\u00bb padding_left_right_link_2=\u00bbfalse\u00bb _builder_version=\u00bb4.4.1&#8243; width=\u00bb100%\u00bb max_width=\u00bb100%\u00bb module_alignment=\u00bbleft\u00bb custom_margin=\u00bb|auto|2px|auto|false|false\u00bb custom_padding=\u00bb0|12%|0px|0px|false|false\u00bb custom_padding_tablet=\u00bb|0%||\u00bb custom_padding_phone=\u00bb\u00bb use_custom_width=\u00bbon\u00bb width_unit=\u00bboff\u00bb custom_width_percent=\u00bb100%\u00bb locked=\u00bboff\u00bb][et_pb_column type=\u00bb1_2&#8243; _builder_version=\u00bb3.25&#8243; custom_padding=\u00bb|||\u00bb custom_padding__hover=\u00bb|||\u00bb][et_pb_image src=\u00bbhttps:\/\/www.alfonsea.com\/wp-content\/uploads\/2020\/03\/juan_expertos.jpg\u00bb force_fullwidth=\u00bbon\u00bb align_tablet=\u00bbcenter\u00bb align_phone=\u00bb\u00bb align_last_edited=\u00bbon|desktop\u00bb _builder_version=\u00bb4.4.1&#8243; use_background_color_gradient=\u00bbon\u00bb background_color_gradient_start=\u00bb#377f7d\u00bb background_color_gradient_end=\u00bbrgba(239,242,244,0)\u00bb background_color_gradient_direction=\u00bb90deg\u00bb background_color_gradient_start_position=\u00bb80%\u00bb background_color_gradient_end_position=\u00bb20%\u00bb custom_padding=\u00bb||20%|\u00bb custom_padding_tablet=\u00bb||60px|\u00bb custom_padding_phone=\u00bb\u00bb custom_padding_last_edited=\u00bbon|desktop\u00bb animation_style=\u00bbslide\u00bb animation_direction=\u00bbleft\u00bb animation_intensity_slide=\u00bb3%\u00bb box_shadow_style=\u00bbpreset3&#8243; box_shadow_vertical=\u00bb80px\u00bb box_shadow_blur=\u00bb80px\u00bb box_shadow_spread=\u00bb-30px\u00bb][\/et_pb_image][\/et_pb_column][et_pb_column type=\u00bb1_2&#8243; _builder_version=\u00bb3.25&#8243; custom_padding=\u00bb6vw||6vw|\u00bb custom_padding_tablet=\u00bb|10%||10%|false|true\u00bb custom_padding_phone=\u00bb||||false|false\u00bb custom_padding_last_edited=\u00bbon|tablet\u00bb padding_phone=\u00bb||||false|false\u00bb padding_tablet=\u00bb|10%||10%|false|true\u00bb padding_last_edited=\u00bbon|tablet\u00bb custom_padding__hover=\u00bb|||\u00bb][et_pb_text _builder_version=\u00bb4.4.7&#8243; text_font=\u00bbRaleway|700|||||||\u00bb text_text_color=\u00bb#377f7d\u00bb text_line_height=\u00bb1.9em\u00bb link_font=\u00bb|600|||||||\u00bb header_font=\u00bb||||||||\u00bb header_2_font=\u00bbRaleway|700|||||||\u00bb header_2_text_color=\u00bb#183d34&#8243; header_2_font_size=\u00bb40px\u00bb header_2_line_height=\u00bb1.5em\u00bb header_3_font=\u00bbRaleway|600|||||||\u00bb header_3_text_color=\u00bb#377f7d\u00bb header_3_font_size=\u00bb28px\u00bb header_6_font=\u00bb||||||||\u00bb max_width=\u00bb600px\u00bb max_width_last_edited=\u00bboff|desktop\u00bb custom_margin=\u00bb-102px||-80px||false|false\u00bb custom_margin_tablet=\u00bb0px||||false|false\u00bb custom_margin_phone=\u00bb-25px||||false|false\u00bb custom_margin_last_edited=\u00bbon|phone\u00bb custom_padding=\u00bb|||\u00bb header_2_font_size_tablet=\u00bb30px\u00bb header_2_font_size_phone=\u00bb24px\u00bb header_2_font_size_last_edited=\u00bbon|phone\u00bb locked=\u00bboff\u00bb]<\/p>\n<h2>Juan Sagal\u00e9s Cantenys<\/h2>\n<h3>Abogado<\/h3>\n<p><span>jsagales@alfonsea.com<\/span><\/p>\n<p>&nbsp;<\/p>\n<p>&nbsp;<\/p>\n<p>&nbsp;<\/p>\n<p>[\/et_pb_text][et_pb_text _builder_version=\u00bb4.4.7&#8243; text_font=\u00bbRaleway||||||||\u00bb link_font=\u00bb|600|||||||\u00bb header_font=\u00bb||||||||\u00bb header_2_font=\u00bbRaleway|700|||||||\u00bb header_2_text_color=\u00bb#183d34&#8243; header_2_font_size=\u00bb40px\u00bb header_2_line_height=\u00bb1.5em\u00bb header_3_font=\u00bbRaleway|500|||||||\u00bb header_3_text_color=\u00bb#183d34&#8243; header_3_font_size=\u00bb28px\u00bb header_6_font=\u00bb||||||||\u00bb max_width=\u00bb600px\u00bb max_width_last_edited=\u00bboff|desktop\u00bb custom_margin=\u00bb0px||||false|false\u00bb custom_padding=\u00bb|||\u00bb hover_enabled=\u00bb0&#8243; header_2_font_size_tablet=\u00bb30px\u00bb header_2_font_size_phone=\u00bb24px\u00bb header_2_font_size_last_edited=\u00bbon|phone\u00bb locked=\u00bboff\u00bb]<\/p>\n<h4>Formaci\u00f3n<\/h4>\n<p>&nbsp;<\/p>\n<p>Licenciado en Derecho y M\u00e1ster Universitario en Asesor\u00eda Fiscal (MUAF) por la Universidad de Navarra.<\/p>\n<p>M\u00e1ster en Derecho Mercantil por el Ilustre Colegio de Abogados de Barcelona.<\/p>\n<p>Diplomado en Ciencias Empresariales por la Universidad Ram\u00f3n Llull.<\/p>\n<p>Miembro del Ilustre Colegio de Abogados de Barcelona.<\/p>\n<p>Miembro de la Asociaci\u00f3n Espa\u00f1ola de Asesores Fiscales.<\/p>\n<p>&nbsp;<\/p>\n<p>[\/et_pb_text][et_pb_text _builder_version=\u00bb4.4.7&#8243; text_font=\u00bbRaleway||||||||\u00bb link_font=\u00bb|600|||||||\u00bb header_font=\u00bb||||||||\u00bb header_2_font=\u00bbRaleway|700|||||||\u00bb header_2_text_color=\u00bb#183d34&#8243; header_2_font_size=\u00bb40px\u00bb header_2_line_height=\u00bb1.5em\u00bb header_3_font=\u00bbRaleway|500|||||||\u00bb header_3_text_color=\u00bb#183d34&#8243; header_3_font_size=\u00bb28px\u00bb header_4_font=\u00bb||||||||\u00bb header_4_text_color=\u00bb#000000&#8243; header_6_font=\u00bb||||||||\u00bb max_width=\u00bb600px\u00bb max_width_last_edited=\u00bboff|desktop\u00bb custom_margin=\u00bb|||\u00bb custom_padding=\u00bb|||\u00bb hover_enabled=\u00bb0&#8243; header_2_font_size_tablet=\u00bb30px\u00bb header_2_font_size_phone=\u00bb24px\u00bb header_2_font_size_last_edited=\u00bbon|phone\u00bb locked=\u00bboff\u00bb]<\/p>\n<h4>Formaci\u00f3n profesional cont\u00ednua<\/h4>\n<p>&nbsp;<\/p>\n<div class=\"wpb_text_column wpb_content_element \">\n<div class=\"wpb_wrapper\">\n<div class=\"wpb_text_column wpb_content_element \">\n<div class=\"wpb_wrapper\">\n<p>2017 \u2013 Postgrado Finanzas Corporativas \u2013 Universistat Pompeu Fabra<\/p>\n<p>2016 \u2013 Postgrado Contabilidad Financiera \u2013 Universitat Pompeu Fabra<\/p>\n<p>2015 \u2013 Curso especializaci\u00f3n en Fiscalidad Internacional (30 horas) \u2013 ESADE<\/p>\n<p>2013 \u2013 Double Taxation Relief \u2013 International Bureau of Fiscal Documentation (IBFD)<\/p>\n<p>&nbsp;<\/p>\n<\/div>\n<\/div>\n<\/div>\n<\/div>\n<p>&nbsp;<\/p>\n<p>[\/et_pb_text][et_pb_text _builder_version=\u00bb4.4.7&#8243; text_font=\u00bbRaleway||||||||\u00bb link_font=\u00bb|600|||||||\u00bb header_font=\u00bb||||||||\u00bb header_2_font=\u00bbRaleway|700|||||||\u00bb header_2_text_color=\u00bb#183d34&#8243; header_2_font_size=\u00bb40px\u00bb header_2_line_height=\u00bb1.5em\u00bb header_3_font=\u00bbRaleway|500|||||||\u00bb header_3_text_color=\u00bb#183d34&#8243; header_3_font_size=\u00bb28px\u00bb header_6_font=\u00bb||||||||\u00bb max_width=\u00bb600px\u00bb max_width_last_edited=\u00bboff|desktop\u00bb custom_margin=\u00bb|||\u00bb custom_padding=\u00bb|||\u00bb hover_enabled=\u00bb0&#8243; header_2_font_size_tablet=\u00bb30px\u00bb header_2_font_size_phone=\u00bb24px\u00bb header_2_font_size_last_edited=\u00bbon|phone\u00bb locked=\u00bboff\u00bb]<\/p>\n<h4>Pr\u00e1ctica profesional<\/h4>\n<p>&nbsp;<\/p>\n<div class=\"wpb_text_column wpb_content_element \">\n<div class=\"wpb_wrapper\">\n<div class=\"wpb_text_column wpb_content_element \">\n<div class=\"wpb_wrapper\">\n<p>Especialista en derecho mercantil y tributario. Cuenta con amplia experiencia en el asesoramiento a start-ups en materia mercantil y tributaria, as\u00ed como en la negociaci\u00f3n con inversores, el establecimiento de acuerdos de socios, etc.<\/p>\n<p>De igual forma, es experto en el asesoramiento y planificaci\u00f3n fiscal y societaria, habiendo centrado gran parte de su carrera en el \u00e1mbito internacional. Trabaja de forma recurrente en jurisdicciones como Marruecos, Turqu\u00eda, Ruman\u00eda, Francia y Portugal.<\/p>\n<p>Es secretario del Consejo de Administraci\u00f3n de varias compa\u00f1\u00edas.<\/p>\n<p>Integrante de la Secci\u00f3n de Empresa Familiar de la Asociaci\u00f3n Espa\u00f1ola de Asesores Fiscales.<\/p>\n<\/div>\n<\/div>\n<\/div>\n<\/div>\n<div class=\"wpb_text_column wpb_content_element \">\n<div class=\"wpb_wrapper\"><\/div>\n<\/div>\n<p>&nbsp;<\/p>\n<p>[\/et_pb_text][\/et_pb_column][\/et_pb_row][\/et_pb_section][et_pb_section fb_built=\u00bb1&#8243; _builder_version=\u00bb4.4.1&#8243; custom_padding=\u00bb0px|||||\u00bb][et_pb_row _builder_version=\u00bb4.4.1&#8243;][et_pb_column type=\u00bb4_4&#8243; _builder_version=\u00bb4.4.1&#8243;][et_pb_text _builder_version=\u00bb4.4.7&#8243; custom_margin=\u00bb-60px||||false|false\u00bb hover_enabled=\u00bb0&#8243;]<\/p>\n<h4>Experiencia<\/h4>\n<p>La experiencia m\u00e1s reciente de Juan Sagal\u00e9s incluye la representaci\u00f3n a:<\/p>\n<p>Wall Box Chargers<\/p>\n<ul>\n<li>En la ronda de financiaci\u00f3n que ha dado entrada entrada en su capital a Iberdrola, Black Label Investments y AM Gesti\u00f3 por valor de \u20ac15 millones.<\/li>\n<\/ul>\n<p><a href=\"https:\/\/www.reuters.com\/article\/iberdrola-electricvehicles\/iberdrola-invests-in-electric-vehicle-charging-company-wallbox-idUSL8N23W2MB\" target=\"_blank\" rel=\"noopener noreferrer\">https:\/\/www.reuters.com\/article\/iberdrola-electricvehicles\/iberdrola-invests-in-electric-vehicle-charging-company-wallbox-idUSL8N23W2MB<\/a><\/p>\n<p><a href=\"https:\/\/www.lavanguardia.com\/vida\/20190625\/463109236546\/iberdrola-entra-en-wallbox-para-potenciar-la-recarga-del-vehiculo-electrico.html\" target=\"_blank\" rel=\"noopener noreferrer\">https:\/\/www.lavanguardia.com\/vida\/20190625\/463109236546\/iberdrola-entra-en-wallbox-para-potenciar-la-recarga-del-vehiculo-electrico.html<\/a><\/p>\n<ul>\n<li>Liderazgo de la operaci\u00f3n que da entrada mediante compra secundaria a SEAYA VENTURES en el capital social de la compa\u00f1\u00eda.<span>\u00a0<\/span><a href=\"https:\/\/seayaventures.com\/seaya-ventures-backs-wallbox-with-a-e2m-investment-to-support-the-company-on-its-international-expansion\/\" target=\"_blank\" rel=\"noopener noreferrer\">https:\/\/seayaventures.com\/seaya-ventures-backs-wallbox-with-a-e2m-investment-to-support-the-company-on-its-international-expansion\/<\/a><\/li>\n<li>Joint Venture con la compa\u00f1\u00eda china Changchun FAWSN.<\/li>\n<li>Ronda financiaci\u00f3n dando entrada a Quadis y Eurofred.<\/li>\n<li>Expansi\u00f3n internacional. Incorporaci\u00f3n de las filiales de Alemania, Francia y Reino Unido.<\/li>\n<li>Secretario del Consejo de Administraci\u00f3n.<\/li>\n<\/ul>\n<p>Grupo Sider\u00fargico Internacional<\/p>\n<ul>\n<li>Sucesi\u00f3n generacional de fundador a segunda generaci\u00f3n familiar. Volumen de negocio del Grupo: \u20ac2.000 millones.<\/li>\n<\/ul>\n<p>Cl\u00ednica Sagrada Familia<\/p>\n<ul>\n<li>Adquisici\u00f3n de la compa\u00f1\u00eda por parte de Grupo Echevarne.<\/li>\n<\/ul>\n<p><a href=\"https:\/\/www.lavanguardia.com\/economia\/20160429\/401440468920\/echevarne-desbanca-a-hm-y-compra-la-clinica-sagrada-familia.html\" target=\"_blank\" rel=\"noopener noreferrer\">https:\/\/www.lavanguardia.com\/economia\/20160429\/401440468920\/echevarne-desbanca-a-hm-y-compra-la-clinica-sagrada-familia.html<\/a><\/p>\n<p>Securex<\/p>\n<ul>\n<li>Absorci\u00f3n de la compa\u00f1\u00eda espa\u00f1ola de asesor\u00eda GM Integra.<\/li>\n<\/ul>\n<p><a href=\"http:\/\/www.awex.es\/es\/actualites\/la-belga-securex-absorbe-gm-integra-rrhh-es\" target=\"_blank\" rel=\"noopener noreferrer\">http:\/\/www.awex.es\/es\/actualites\/la-belga-securex-absorbe-gm-integra-rrhh-es<\/a><\/p>\n<p>Intervenci\u00f3n en la inversi\u00f3n y desarrollo de los nuevos complejos de Sorli Supermercados.<\/p>\n<ul>\n<li>Adquisici\u00f3n terrenos y desarrollo de la inversi\u00f3n Sitges y Catelldefels por valor agregado de \u20ac 35 millones.<\/li>\n<\/ul>\n<p><a href=\"https:\/\/www.expansion.com\/2014\/10\/09\/catalunya\/1412853501.html\" target=\"_blank\" rel=\"noopener noreferrer\">https:\/\/www.expansion.com\/2014\/10\/09\/catalunya\/1412853501.html<\/a><\/p>\n<p><a href=\"https:\/\/sitgesvida.com\/sorli-invierte-10-millones-euros-nuevo-proyecto-sitges-231455\/\" target=\"_blank\" rel=\"noopener noreferrer\">https:\/\/sitgesvida.com\/sorli-invierte-10-millones-euros-nuevo-proyecto-sitges-231455\/<\/a><\/p>\n<p>[\/et_pb_text][et_pb_text _builder_version=\u00bb4.4.7&#8243; custom_margin=\u00bb||||false|false\u00bb hover_enabled=\u00bb0&#8243;]<\/p>\n<h4>\u00daltimas publicaciones<\/h4>\n<p>&nbsp;<\/p>\n<p><em><a href=\"http:\/\/www.economistjurist.es\/articulos-juridicos-destacados\/el-ejercicio-de-las-acciones-de-separacion-por-no-reparto-de-dividendos-art-348-bis-lsc\/#\">El ejercicio de las acciones de separaci\u00f3n por no reparto de dividendos (art. 348 bis LSC)<\/a><span>\u00a0<\/span>\u2013\u00a0Economist &amp; Jurist \u2013 2018<\/em><\/p>\n<p><em><a href=\"http:\/\/www.economistjurist.es\/articulos-juridicos-destacados\/las-consecuencias-derivadas-de-la-nueva-redaccion-sobre-las-eliminaciones-en-el-consolidado-fiscal-prevista-en-la-ley-272014-del-impuesto-sobre-sociedades\/\">Las consecuencias derivadas de la nueva redacci\u00f3n sobre las eliminaciones en el consolidado fiscal prevista en la Ley 27\/2014 del Impuesto sobre Sociedades.<\/a><span>\u00a0<\/span>Economist &amp; Jurist \u2013 2015<\/em><\/p>\n<p><em><a href=\"http:\/\/www.fiscal-impuestos.com\/consolidacion-fiscal-base-imponible-negativa-integracion-consolidado-fiscal-grupo-individual-agregado-eliminaciones-incorporaciones.html\">La compensaci\u00f3n de bases imponibles negativas previas a la integraci\u00f3n de la entidad en el consolidado fiscal.<\/a><span>\u00a0<\/span>CEF Fiscal-Impuestos \u2013 2016<\/em><\/p>\n<p><em><a href=\"http:\/\/www.economistjurist.es\/articulos-juridicos-destacados\/la-tributacion-indirecta-de-las-retribuciones-en-especie-concedidas-por-las-empresas-a-sus-trabajadores\/\">La tributaci\u00f3n indirecta de las retribuciones en especie concedidas por las empresas a sus trabajadores.<\/a><span>\u00a0<\/span>Economist &amp; Jurist \u2013 2016<\/em><\/p>\n<p>[\/et_pb_text][et_pb_text _builder_version=\u00bb4.4.7&#8243; custom_margin=\u00bb30px||||false|false\u00bb]<\/p>\n<h4>Colaboraciones<\/h4>\n<p>&nbsp;<\/p>\n<p><em>Portal Inmobiliario Idealista:<span>\u00a0<\/span><a href=\"https:\/\/web.archive.org\/web\/20190904102524\/https:\/\/www.idealista.com\/news\/finanzas\/fiscalidad\/2015\/07\/07\/738209-la-unica-formula-para-comprar-un-inmueble-y-no-pagar-ni-iva-ni-itp\">Impuesto sobre Transmisiones Patrimoniales e Impuesto sobre Valor A\u00f1adido<\/a><span>\u00a0<\/span>\u2013 2015<\/em><\/p>\n<p><em>Portal Inmobiliario idealista:<span>\u00a0<\/span><a href=\"https:\/\/web.archive.org\/web\/20190904102524\/https:\/\/www.idealista.com\/news\/inmobiliario\/vivienda\/2015\/11\/30\/740121-la-formula-para-pagar-menos-por-el-impuesto-de-sucesiones-en-los-inmuebles-con\">Impuesto sobre Sucesiones y Donaciones<\/a><span>\u00a0<\/span>\u2013 2015<\/em><\/p>\n<p>[\/et_pb_text][\/et_pb_column][\/et_pb_row][\/et_pb_section]<\/p>\n","protected":false},"excerpt":{"rendered":"<p>Juan Sagal\u00e9s Cantenys Abogado jsagales@alfonsea.com &nbsp; &nbsp; &nbsp;Formaci\u00f3n &nbsp; Licenciado en Derecho y M\u00e1ster Universitario en Asesor\u00eda Fiscal (MUAF) por la Universidad de Navarra. M\u00e1ster en Derecho Mercantil por el Ilustre Colegio de Abogados de Barcelona. Diplomado en Ciencias Empresariales por la Universidad Ram\u00f3n Llull. Miembro del Ilustre Colegio de Abogados de Barcelona. Miembro de [&hellip;]<\/p>\n","protected":false},"author":6,"featured_media":0,"parent":0,"menu_order":0,"comment_status":"closed","ping_status":"closed","template":"","meta":{"_et_pb_use_builder":"on","_et_pb_old_content":"","_et_gb_content_width":"","footnotes":""},"yoast_head":"<!-- This site is optimized with the Yoast SEO plugin v22.6 - https:\/\/yoast.com\/wordpress\/plugins\/seo\/ -->\n<title>Juan Sagal\u00e9s<\/title>\n<meta name=\"robots\" content=\"index, follow, max-snippet:-1, max-image-preview:large, max-video-preview:-1\" \/>\n<link rel=\"canonical\" href=\"https:\/\/www.alfonsea.com\/es\/juan-sagales\/\" \/>\n<meta property=\"og:locale\" content=\"es_ES\" \/>\n<meta property=\"og:type\" content=\"article\" \/>\n<meta property=\"og:title\" content=\"Juan Sagal\u00e9s\" \/>\n<meta property=\"og:url\" content=\"https:\/\/www.alfonsea.com\/es\/juan-sagales\/\" \/>\n<meta property=\"og:site_name\" content=\"Alfonsea\" \/>\n<meta property=\"article:modified_time\" content=\"2020-06-02T07:37:50+00:00\" \/>\n<meta property=\"og:image\" content=\"https:\/\/www.alfonsea.com\/wp-content\/uploads\/2020\/03\/logo_alfonsea_1.png\" \/>\n\t<meta property=\"og:image:width\" content=\"838\" \/>\n\t<meta property=\"og:image:height\" content=\"343\" \/>\n\t<meta property=\"og:image:type\" content=\"image\/png\" \/>\n<meta name=\"twitter:card\" content=\"summary_large_image\" \/>\n<meta name=\"twitter:label1\" content=\"Tiempo de lectura\" \/>\n\t<meta name=\"twitter:data1\" content=\"7 minutos\" \/>\n<script type=\"application\/ld+json\" class=\"yoast-schema-graph\">{\"@context\":\"https:\/\/schema.org\",\"@graph\":[{\"@type\":\"WebPage\",\"@id\":\"https:\/\/www.alfonsea.com\/es\/juan-sagales\/\",\"url\":\"https:\/\/www.alfonsea.com\/es\/juan-sagales\/\",\"name\":\"Juan Sagal\u00e9s\",\"isPartOf\":{\"@id\":\"https:\/\/www.alfonsea.com\/#website\"},\"datePublished\":\"2020-03-24T23:08:04+00:00\",\"dateModified\":\"2020-06-02T07:37:50+00:00\",\"breadcrumb\":{\"@id\":\"https:\/\/www.alfonsea.com\/es\/juan-sagales\/#breadcrumb\"},\"inLanguage\":\"es\",\"potentialAction\":[{\"@type\":\"ReadAction\",\"target\":[\"https:\/\/www.alfonsea.com\/es\/juan-sagales\/\"]}]},{\"@type\":\"BreadcrumbList\",\"@id\":\"https:\/\/www.alfonsea.com\/es\/juan-sagales\/#breadcrumb\",\"itemListElement\":[{\"@type\":\"ListItem\",\"position\":1,\"name\":\"Home\",\"item\":\"https:\/\/www.alfonsea.com\/es\/\"},{\"@type\":\"ListItem\",\"position\":2,\"name\":\"Juan Sagal\u00e9s\"}]},{\"@type\":\"WebSite\",\"@id\":\"https:\/\/www.alfonsea.com\/#website\",\"url\":\"https:\/\/www.alfonsea.com\/\",\"name\":\"Alfonsea\",\"description\":\"Specialists in Bussiness and Tax advising since 1995  \",\"publisher\":{\"@id\":\"https:\/\/www.alfonsea.com\/#organization\"},\"potentialAction\":[{\"@type\":\"SearchAction\",\"target\":{\"@type\":\"EntryPoint\",\"urlTemplate\":\"https:\/\/www.alfonsea.com\/?s={search_term_string}\"},\"query-input\":\"required name=search_term_string\"}],\"inLanguage\":\"es\"},{\"@type\":\"Organization\",\"@id\":\"https:\/\/www.alfonsea.com\/#organization\",\"name\":\"Alfonsea\",\"url\":\"https:\/\/www.alfonsea.com\/\",\"logo\":{\"@type\":\"ImageObject\",\"inLanguage\":\"es\",\"@id\":\"https:\/\/www.alfonsea.com\/#\/schema\/logo\/image\/\",\"url\":\"https:\/\/www.alfonsea.com\/wp-content\/uploads\/2020\/03\/logo_alfonsea_1.png\",\"contentUrl\":\"https:\/\/www.alfonsea.com\/wp-content\/uploads\/2020\/03\/logo_alfonsea_1.png\",\"width\":838,\"height\":343,\"caption\":\"Alfonsea\"},\"image\":{\"@id\":\"https:\/\/www.alfonsea.com\/#\/schema\/logo\/image\/\"}}]}<\/script>\n<!-- \/ Yoast SEO plugin. -->","yoast_head_json":{"title":"Juan Sagal\u00e9s","robots":{"index":"index","follow":"follow","max-snippet":"max-snippet:-1","max-image-preview":"max-image-preview:large","max-video-preview":"max-video-preview:-1"},"canonical":"https:\/\/www.alfonsea.com\/es\/juan-sagales\/","og_locale":"es_ES","og_type":"article","og_title":"Juan Sagal\u00e9s","og_url":"https:\/\/www.alfonsea.com\/es\/juan-sagales\/","og_site_name":"Alfonsea","article_modified_time":"2020-06-02T07:37:50+00:00","og_image":[{"width":838,"height":343,"url":"https:\/\/www.alfonsea.com\/wp-content\/uploads\/2020\/03\/logo_alfonsea_1.png","type":"image\/png"}],"twitter_card":"summary_large_image","twitter_misc":{"Tiempo de lectura":"7 minutos"},"schema":{"@context":"https:\/\/schema.org","@graph":[{"@type":"WebPage","@id":"https:\/\/www.alfonsea.com\/es\/juan-sagales\/","url":"https:\/\/www.alfonsea.com\/es\/juan-sagales\/","name":"Juan Sagal\u00e9s","isPartOf":{"@id":"https:\/\/www.alfonsea.com\/#website"},"datePublished":"2020-03-24T23:08:04+00:00","dateModified":"2020-06-02T07:37:50+00:00","breadcrumb":{"@id":"https:\/\/www.alfonsea.com\/es\/juan-sagales\/#breadcrumb"},"inLanguage":"es","potentialAction":[{"@type":"ReadAction","target":["https:\/\/www.alfonsea.com\/es\/juan-sagales\/"]}]},{"@type":"BreadcrumbList","@id":"https:\/\/www.alfonsea.com\/es\/juan-sagales\/#breadcrumb","itemListElement":[{"@type":"ListItem","position":1,"name":"Home","item":"https:\/\/www.alfonsea.com\/es\/"},{"@type":"ListItem","position":2,"name":"Juan Sagal\u00e9s"}]},{"@type":"WebSite","@id":"https:\/\/www.alfonsea.com\/#website","url":"https:\/\/www.alfonsea.com\/","name":"Alfonsea","description":"Specialists in Bussiness and Tax advising since 1995  ","publisher":{"@id":"https:\/\/www.alfonsea.com\/#organization"},"potentialAction":[{"@type":"SearchAction","target":{"@type":"EntryPoint","urlTemplate":"https:\/\/www.alfonsea.com\/?s={search_term_string}"},"query-input":"required name=search_term_string"}],"inLanguage":"es"},{"@type":"Organization","@id":"https:\/\/www.alfonsea.com\/#organization","name":"Alfonsea","url":"https:\/\/www.alfonsea.com\/","logo":{"@type":"ImageObject","inLanguage":"es","@id":"https:\/\/www.alfonsea.com\/#\/schema\/logo\/image\/","url":"https:\/\/www.alfonsea.com\/wp-content\/uploads\/2020\/03\/logo_alfonsea_1.png","contentUrl":"https:\/\/www.alfonsea.com\/wp-content\/uploads\/2020\/03\/logo_alfonsea_1.png","width":838,"height":343,"caption":"Alfonsea"},"image":{"@id":"https:\/\/www.alfonsea.com\/#\/schema\/logo\/image\/"}}]}},"_links":{"self":[{"href":"https:\/\/www.alfonsea.com\/es\/wp-json\/wp\/v2\/pages\/625"}],"collection":[{"href":"https:\/\/www.alfonsea.com\/es\/wp-json\/wp\/v2\/pages"}],"about":[{"href":"https:\/\/www.alfonsea.com\/es\/wp-json\/wp\/v2\/types\/page"}],"author":[{"embeddable":true,"href":"https:\/\/www.alfonsea.com\/es\/wp-json\/wp\/v2\/users\/6"}],"replies":[{"embeddable":true,"href":"https:\/\/www.alfonsea.com\/es\/wp-json\/wp\/v2\/comments?post=625"}],"version-history":[{"count":7,"href":"https:\/\/www.alfonsea.com\/es\/wp-json\/wp\/v2\/pages\/625\/revisions"}],"predecessor-version":[{"id":1468,"href":"https:\/\/www.alfonsea.com\/es\/wp-json\/wp\/v2\/pages\/625\/revisions\/1468"}],"wp:attachment":[{"href":"https:\/\/www.alfonsea.com\/es\/wp-json\/wp\/v2\/media?parent=625"}],"curies":[{"name":"wp","href":"https:\/\/api.w.org\/{rel}","templated":true}]}}